{"id":1496,"date":"2018-09-27T14:33:54","date_gmt":"2018-09-27T12:33:54","guid":{"rendered":"https:\/\/www.lcvconversion.eu\/?page_id=1496"},"modified":"2023-04-21T20:11:09","modified_gmt":"2023-04-21T18:11:09","slug":"references","status":"publish","type":"page","link":"https:\/\/www.lcvconversion.eu\/fr\/references\/","title":{"rendered":"R\u00e9f\u00e9rences"},"content":{"rendered":"<p><div class=\"fusion-fullwidth fullwidth-box fusion-builder-row-1 fusion-flex-container hundred-percent-fullwidth non-hundred-percent-height-scrolling\" style=\"--awb-border-radius-top-left:0px;--awb-border-radius-top-right:0px;--awb-border-radius-bottom-right:0px;--awb-border-radius-bottom-left:0px;--awb-padding-top:30px;--awb-padding-right:20px;--awb-padding-bottom:30px;--awb-padding-left:20px;\" ><div class=\"fusion-builder-row fusion-row fusion-flex-align-items-stretch\" style=\"width:104% !important;max-width:104% !important;margin-left: calc(-4% \/ 2 );margin-right: calc(-4% \/ 2 );\"><div class=\"fusion-layout-column fusion_builder_column fusion-builder-column-0 fusion_builder_column_1_3 1_3 fusion-flex-column\" style=\"--awb-bg-color:#d8e2e8;--awb-bg-color-hover:#d8e2e8;--awb-bg-size:cover;--awb-width-large:33.333333333333%;--awb-margin-top-large:15px;--awb-spacing-right-large:5px;--awb-margin-bottom-large:15px;--awb-spacing-left-large:5.76%;--awb-width-medium:100%;--awb-spacing-right-medium:1.92%;--awb-spacing-left-medium:1.92%;--awb-width-small:100%;--awb-spacing-right-small:1.92%;--awb-spacing-left-small:1.92%;\"><div class=\"fusion-column-wrapper fusion-flex-justify-content-center fusion-content-layout-column\"><div class=\"fusion-flip-boxes flip-boxes row fusion-columns-1 flip-effect-classic\"><div class=\"fusion-flip-box-wrapper fusion-column col-lg-12 col-md-12 col-sm-12\"><div class=\"fusion-flip-box flip-right\" tabindex=\"0\"><div class=\"flip-box-inner-wrapper\"><div class=\"flip-box-front\"><div class=\"flip-box-front-inner\"><div class=\"flip-box-grafix flip-box-image\"><img src=\"https:\/\/www.lcvconversion.eu\/wp-content\/uploads\/2018\/08\/logo-LCV-Conversion-vollrath-interim-manager-fav-144.png\" width=\"35\" height=\"35\" alt=\"\" \/><\/div><h2 class=\"flip-box-heading\">Location de v\u00e9hicules de tourisme et utilitaires \u00e0 D-22415 Hambourg<\/h2>25 employ\u00e9s et 5000 camions<\/div><\/div><div class=\"flip-box-back\"><div class=\"flip-box-back-inner\">\n<p><span style=\"color: #1b9dd8;\"><strong>Ma mission:<\/strong><\/span><br \/>\nManager de transition &#8211; Directeur Business Unit Vans &amp; Trucks (membre du comit\u00e9 de direction) avec 25 employ\u00e9s et environ 5 000 camions<\/p>\n<p><span style=\"color: #1b9dd8;\"><strong>Bilan:<\/strong><\/span><br \/>\nEtablir la nouvelle structure (personnel et stations), int\u00e9gration d&rsquo;une entreprise affili\u00e9e<\/p>\n<p><span style=\"color: #1b9dd8;\"><strong>Dur\u00e9e:<\/strong><\/span><br \/>\n8 mois, 2017\/2018<\/p>\n<\/div><\/div><\/div><\/div><\/div><\/div><\/div><\/div><div class=\"fusion-layout-column fusion_builder_column fusion-builder-column-1 fusion_builder_column_1_3 1_3 fusion-flex-column\" style=\"--awb-bg-color:#d8e2e8;--awb-bg-color-hover:#d8e2e8;--awb-bg-size:cover;--awb-width-large:33.333333333333%;--awb-margin-top-large:15px;--awb-spacing-right-large:5px;--awb-margin-bottom-large:15px;--awb-spacing-left-large:5px;--awb-width-medium:100%;--awb-spacing-right-medium:1.92%;--awb-spacing-left-medium:1.92%;--awb-width-small:100%;--awb-spacing-right-small:1.92%;--awb-spacing-left-small:1.92%;\"><div class=\"fusion-column-wrapper fusion-flex-justify-content-center fusion-content-layout-column\"><div class=\"fusion-flip-boxes flip-boxes row fusion-columns-1 flip-effect-classic\"><div class=\"fusion-flip-box-wrapper fusion-column col-lg-12 col-md-12 col-sm-12\"><div class=\"fusion-flip-box flip-right\" tabindex=\"0\"><div class=\"flip-box-inner-wrapper\"><div class=\"flip-box-front\"><div class=\"flip-box-front-inner\"><div class=\"flip-box-grafix flip-box-image\"><img src=\"https:\/\/www.lcvconversion.eu\/wp-content\/uploads\/2018\/08\/logo-LCV-Conversion-vollrath-interim-manager-fav-144.png\" width=\"35\" height=\"35\" alt=\"\" \/><\/div><h2 class=\"flip-box-heading\">Sp\u00e9cialiste du terrassement, de l'am\u00e9nagement d'ext\u00e9rieurs et de la d\u00e9molition \u00e0 D-73235 Weilheim\/Stuttgart<\/h2>60 employ\u00e9s et 220 propres v\u00e9hicules<\/div><\/div><div class=\"flip-box-back\"><div class=\"flip-box-back-inner\">\n<p><strong><span style=\"color: #1b9dd8;\">Ma mission:<\/span><br \/>\n<\/strong>Manager de transition &#8211; Responsable de l\u2019atelier de VI et machines de construction avec 60 employ\u00e9s et 220 v\u00e9hicules propres.<\/p>\n<p><span style=\"color: #1b9dd8;\"><strong>Bilan:<\/strong><\/span><br \/>\nD\u00e9veloppement de nouvelles structures organisationnelles, d\u00b4indicateurs de performance cl\u00e9s (KPI) et am\u00e9nagement flexible du temps de travail (Flexitime)<\/p>\n<p><strong><span style=\"color: #1b9dd8;\">Dur\u00e9e:<\/span><br \/>\n<\/strong>6 mois, 2017<\/p>\n<\/div><\/div><\/div><\/div><\/div><\/div><\/div><\/div><div class=\"fusion-layout-column fusion_builder_column fusion-builder-column-2 fusion_builder_column_1_3 1_3 fusion-flex-column\" style=\"--awb-bg-color:#d8e2e8;--awb-bg-color-hover:#d8e2e8;--awb-bg-size:cover;--awb-width-large:33.333333333333%;--awb-margin-top-large:15px;--awb-spacing-right-large:5.76%;--awb-margin-bottom-large:15px;--awb-spacing-left-large:5px;--awb-width-medium:100%;--awb-spacing-right-medium:1.92%;--awb-spacing-left-medium:1.92%;--awb-width-small:100%;--awb-spacing-right-small:1.92%;--awb-spacing-left-small:1.92%;\"><div class=\"fusion-column-wrapper fusion-flex-justify-content-center fusion-content-layout-column\"><div class=\"fusion-flip-boxes flip-boxes row fusion-columns-1 flip-effect-classic\"><div class=\"fusion-flip-box-wrapper fusion-column col-lg-12 col-md-12 col-sm-12\"><div class=\"fusion-flip-box flip-right\" tabindex=\"0\"><div class=\"flip-box-inner-wrapper\"><div class=\"flip-box-front\"><div class=\"flip-box-front-inner\"><div class=\"flip-box-grafix flip-box-image\"><img src=\"https:\/\/www.lcvconversion.eu\/wp-content\/uploads\/2018\/08\/logo-LCV-Conversion-vollrath-interim-manager-fav-144.png\" width=\"35\" height=\"35\" alt=\"\" \/><\/div><h2 class=\"flip-box-heading without-text\">Fabricant d'outils professionnels \u00e0 Wendlingen, Allemagne<\/h2><\/div><\/div><div class=\"flip-box-back\"><div class=\"flip-box-back-inner\">\n<p><strong><span style=\"color: #1b9dd8;\">Ma mission:<\/span><br \/>\n<\/strong>Manager de transition \u2013 Direction de la division vente de l\u2019activit\u00e9 Automotive Allemagne et gestion directe de 9 commerciaux terrain<br \/>\nN\u00e9gociations tarifaires et de conditions avec les concessionnaires et les clients grands comptes<\/p>\n<p><span style=\"color: #1b9dd8;\"><strong>Bilan:<\/strong><\/span><br \/>\nAtteinte des objectifs dans le cadre du budget d\u00e9fini et sup\u00e9rieurs \u00e0 l\u2019exercice pr\u00e9c\u00e9dent.<br \/>\nAccompagnement structur\u00e9 des concessionnaires par l\u2019interm\u00e9diaire de commerciaux terrains motiv\u00e9s<br \/>\nR\u00e9organisation du service commercial<\/p>\n<p><strong><span style=\"color: #1b9dd8;\">Dur\u00e9e:<\/span><br \/>\n<\/strong>11 mois (prolongation apr\u00e8s 6 et 9 mois), 2015\/2016<\/p>\n<\/div><\/div><\/div><\/div><\/div><\/div><\/div><\/div><\/div><\/div><div class=\"fusion-fullwidth fullwidth-box fusion-builder-row-2 hundred-percent-fullwidth non-hundred-percent-height-scrolling fusion-equal-height-columns\" style=\"--awb-background-blend-mode:overlay;--awb-border-radius-top-left:0px;--awb-border-radius-top-right:0px;--awb-border-radius-bottom-right:0px;--awb-border-radius-bottom-left:0px;--awb-padding-top:30px;--awb-padding-right:6%;--awb-padding-bottom:60px;--awb-padding-left:6%;--awb-background-color:rgba(216,226,232,0.44);\" ><div class=\"fusion-builder-row fusion-row\"><div class=\"fusion-layout-column fusion_builder_column fusion-builder-column-3 fusion_builder_column_1_1 1_1 fusion-one-full fusion-column-first fusion-column-last fusion-column-no-min-height\" style=\"--awb-bg-size:cover;\"><div class=\"fusion-column-wrapper fusion-flex-column-wrapper-legacy\"><div class=\"fusion-text fusion-text-1\"><h2><strong>DANS LA PRESSE:<\/strong><\/h2>\n<\/div><div class=\"fusion-clearfix\"><\/div><\/div><\/div><div class=\"fusion-layout-column fusion_builder_column fusion-builder-column-4 fusion_builder_column_1_3 1_3 fusion-one-third fusion-column-first\" style=\"--awb-padding-top:20px;--awb-padding-right:20px;--awb-padding-bottom:20px;--awb-padding-left:20px;--awb-bg-color:#ffffff;--awb-bg-color-hover:#ffffff;--awb-bg-size:cover;width:33.333333333333%;width:calc(33.333333333333% - ( ( 4% + 4% ) * 0.33333333333333 ) );margin-right: 4%;\"><div class=\"fusion-column-wrapper fusion-flex-column-wrapper-legacy\"><div class=\"fusion-image-element fusion-image-align-center in-legacy-container\" style=\"text-align:center;--awb-caption-title-font-family:var(--h2_typography-font-family);--awb-caption-title-font-weight:var(--h2_typography-font-weight);--awb-caption-title-font-style:var(--h2_typography-font-style);--awb-caption-title-size:var(--h2_typography-font-size);--awb-caption-title-transform:var(--h2_typography-text-transform);--awb-caption-title-line-height:var(--h2_typography-line-height);--awb-caption-title-letter-spacing:var(--h2_typography-letter-spacing);\"><div class=\"imageframe-align-center\"><span class=\" fusion-imageframe imageframe-none imageframe-1 hover-type-none\" class=\"image-magnify\" class=\"image-scroll\"><img decoding=\"async\" width=\"900\" height=\"680\" title=\"LCV-Conversion-vollrath-interim-management-35\" src=\"https:\/\/www.lcvconversion.eu\/wp-content\/uploads\/2018\/08\/LCV-Conversion-vollrath-interim-management-35.jpg\" alt class=\"img-responsive wp-image-1499\" srcset=\"https:\/\/www.lcvconversion.eu\/wp-content\/uploads\/2018\/08\/LCV-Conversion-vollrath-interim-management-35-200x151.jpg 200w, https:\/\/www.lcvconversion.eu\/wp-content\/uploads\/2018\/08\/LCV-Conversion-vollrath-interim-management-35-400x302.jpg 400w, https:\/\/www.lcvconversion.eu\/wp-content\/uploads\/2018\/08\/LCV-Conversion-vollrath-interim-management-35-600x453.jpg 600w, https:\/\/www.lcvconversion.eu\/wp-content\/uploads\/2018\/08\/LCV-Conversion-vollrath-interim-management-35-800x604.jpg 800w, https:\/\/www.lcvconversion.eu\/wp-content\/uploads\/2018\/08\/LCV-Conversion-vollrath-interim-management-35.jpg 900w\" sizes=\"(max-width: 1000px) 100vw, 400px\" \/><\/span><\/div><\/div><div class=\"fusion-sep-clear\"><\/div><div class=\"fusion-separator fusion-full-width-sep\" style=\"margin-left: auto;margin-right: auto;margin-top:20px;width:100%;\"><\/div><div class=\"fusion-sep-clear\"><\/div><div class=\"fusion-text fusion-text-2\"><h3><strong>Journal \u00abAllgemeine Bauzeitung\u00bb:<br \/>\n<\/strong>une solution int\u00e9rimaire a \u00e9t\u00e9 trouv\u00e9e<\/h3>\n<\/div><div class=\"fusion-sep-clear\"><\/div><div class=\"fusion-separator fusion-full-width-sep\" style=\"margin-left: auto;margin-right: auto;margin-top:20px;width:100%;\"><\/div><div class=\"fusion-sep-clear\"><\/div><div class=\"fusion-alignleft\"><a class=\"fusion-button button-flat fusion-button-default-size button-default fusion-button-default button-1 fusion-button-default-span fusion-button-default-type\" target=\"_blank\" rel=\"noopener noreferrer\" href=\"https:\/\/www.lcvconversion.eu\/wp-content\/uploads\/2018\/08\/2017_12_07-ALLGEMEINE-BAUZEITUNG-Pressebericht-Erfolgreiche-Uebergangsloesung-gefunden.pdf\"><span class=\"fusion-button-text\">Download PDF<\/span><\/a><\/div><div class=\"fusion-clearfix\"><\/div><\/div><\/div><div class=\"fusion-layout-column fusion_builder_column fusion-builder-column-5 fusion_builder_column_1_3 1_3 fusion-one-third\" style=\"--awb-padding-top:20px;--awb-padding-right:20px;--awb-padding-bottom:20px;--awb-padding-left:20px;--awb-bg-color:#ffffff;--awb-bg-color-hover:#ffffff;--awb-bg-size:cover;width:33.333333333333%;width:calc(33.333333333333% - ( ( 4% + 4% ) * 0.33333333333333 ) );margin-right: 4%;\"><div class=\"fusion-column-wrapper fusion-flex-column-wrapper-legacy\"><div class=\"fusion-image-element fusion-image-align-center in-legacy-container\" style=\"text-align:center;--awb-caption-title-font-family:var(--h2_typography-font-family);--awb-caption-title-font-weight:var(--h2_typography-font-weight);--awb-caption-title-font-style:var(--h2_typography-font-style);--awb-caption-title-size:var(--h2_typography-font-size);--awb-caption-title-transform:var(--h2_typography-text-transform);--awb-caption-title-line-height:var(--h2_typography-line-height);--awb-caption-title-letter-spacing:var(--h2_typography-letter-spacing);\"><div class=\"imageframe-align-center\"><span class=\" fusion-imageframe imageframe-none imageframe-2 hover-type-none\" class=\"image-magnify\" class=\"image-scroll\"><img decoding=\"async\" width=\"900\" height=\"680\" title=\"LCV-Conversion-vollrath-interim-management-34\" src=\"https:\/\/www.lcvconversion.eu\/wp-content\/uploads\/2018\/08\/LCV-Conversion-vollrath-interim-management-34.jpg\" alt class=\"img-responsive wp-image-1500\" srcset=\"https:\/\/www.lcvconversion.eu\/wp-content\/uploads\/2018\/08\/LCV-Conversion-vollrath-interim-management-34-200x151.jpg 200w, https:\/\/www.lcvconversion.eu\/wp-content\/uploads\/2018\/08\/LCV-Conversion-vollrath-interim-management-34-400x302.jpg 400w, https:\/\/www.lcvconversion.eu\/wp-content\/uploads\/2018\/08\/LCV-Conversion-vollrath-interim-management-34-600x453.jpg 600w, https:\/\/www.lcvconversion.eu\/wp-content\/uploads\/2018\/08\/LCV-Conversion-vollrath-interim-management-34-800x604.jpg 800w, https:\/\/www.lcvconversion.eu\/wp-content\/uploads\/2018\/08\/LCV-Conversion-vollrath-interim-management-34.jpg 900w\" sizes=\"(max-width: 1000px) 100vw, 400px\" \/><\/span><\/div><\/div><div class=\"fusion-sep-clear\"><\/div><div class=\"fusion-separator fusion-full-width-sep\" style=\"margin-left: auto;margin-right: auto;margin-top:20px;width:100%;\"><\/div><div class=\"fusion-sep-clear\"><\/div><div class=\"fusion-text fusion-text-3\"><h3>Heinz Vollrath est<strong> manager de transition de l&rsquo;ann\u00e9e 2018<\/strong><\/h3>\n<\/div><div class=\"fusion-sep-clear\"><\/div><div class=\"fusion-separator fusion-full-width-sep\" style=\"margin-left: auto;margin-right: auto;margin-top:20px;width:100%;\"><\/div><div class=\"fusion-sep-clear\"><\/div><div class=\"fusion-alignleft\"><a class=\"fusion-button button-flat fusion-button-default-size button-default fusion-button-default button-2 fusion-button-default-span fusion-button-default-type\" target=\"_blank\" rel=\"noopener noreferrer\" href=\"https:\/\/www.lcvconversion.eu\/wp-content\/uploads\/2018\/08\/2018_04_25-Pressemitteilung-VOLLRATH-Heinz-Interim-Manager-des-Jahres-2018.pdf\"><span class=\"fusion-button-text\">Download PDF<\/span><\/a><\/div><div class=\"fusion-clearfix\"><\/div><\/div><\/div><div class=\"fusion-layout-column fusion_builder_column fusion-builder-column-6 fusion_builder_column_1_3 1_3 fusion-one-third fusion-column-last\" style=\"--awb-padding-top:20px;--awb-padding-right:20px;--awb-padding-bottom:20px;--awb-padding-left:20px;--awb-bg-color:#ffffff;--awb-bg-color-hover:#ffffff;--awb-bg-size:cover;width:33.333333333333%;width:calc(33.333333333333% - ( ( 4% + 4% ) * 0.33333333333333 ) );\"><div class=\"fusion-column-wrapper fusion-flex-column-wrapper-legacy\"><div class=\"fusion-image-element fusion-image-align-center in-legacy-container\" style=\"text-align:center;--awb-caption-title-font-family:var(--h2_typography-font-family);--awb-caption-title-font-weight:var(--h2_typography-font-weight);--awb-caption-title-font-style:var(--h2_typography-font-style);--awb-caption-title-size:var(--h2_typography-font-size);--awb-caption-title-transform:var(--h2_typography-text-transform);--awb-caption-title-line-height:var(--h2_typography-line-height);--awb-caption-title-letter-spacing:var(--h2_typography-letter-spacing);\"><div class=\"imageframe-align-center\"><span class=\" fusion-imageframe imageframe-none imageframe-3 hover-type-none\" class=\"image-magnify\" class=\"image-scroll\"><img decoding=\"async\" width=\"400\" height=\"300\" title=\"IM Vollrath2\" src=\"https:\/\/www.lcvconversion.eu\/wp-content\/uploads\/2018\/11\/IM-Vollrath2.jpg\" alt class=\"img-responsive wp-image-1589\" srcset=\"https:\/\/www.lcvconversion.eu\/wp-content\/uploads\/2018\/11\/IM-Vollrath2-200x150.jpg 200w, https:\/\/www.lcvconversion.eu\/wp-content\/uploads\/2018\/11\/IM-Vollrath2.jpg 400w\" sizes=\"(max-width: 1000px) 100vw, 400px\" \/><\/span><\/div><\/div><div class=\"fusion-sep-clear\"><\/div><div class=\"fusion-separator fusion-full-width-sep\" style=\"margin-left: auto;margin-right: auto;margin-top:20px;width:100%;\"><\/div><div class=\"fusion-sep-clear\"><\/div><div class=\"fusion-text fusion-text-4\"><h3>Vollrath<strong> nomin\u00e9 par le DDIM pour le projet de transition de l&rsquo;ann\u00e9e 2018<\/strong><\/h3>\n<\/div><div class=\"fusion-sep-clear\"><\/div><div class=\"fusion-separator fusion-full-width-sep\" style=\"margin-left: auto;margin-right: auto;margin-top:20px;width:100%;\"><\/div><div class=\"fusion-sep-clear\"><\/div><div class=\"fusion-alignleft\"><a class=\"fusion-button button-flat fusion-button-default-size button-default fusion-button-default button-3 fusion-button-default-span fusion-button-default-type\" target=\"_blank\" rel=\"noopener noreferrer\" href=\"https:\/\/www.lcvconversion.eu\/wp-content\/uploads\/2018\/08\/2018_04_25-Pressemitteilung-VOLLRATH-Heinz-Interim-Manager-des-Jahres-2018.pdf\"><span class=\"fusion-button-text\">Download PDF<\/span><\/a><\/div><div class=\"fusion-clearfix\"><\/div><\/div><\/div><\/div><\/div><\/p>\n","protected":false},"excerpt":{"rendered":"","protected":false},"author":4,"featured_media":0,"parent":0,"menu_order":0,"comment_status":"closed","ping_status":"closed","template":"100-width.php","meta":[],"yoast_head":"<!-- This site is optimized with the Yoast SEO plugin v20.5 - https:\/\/yoast.com\/wordpress\/plugins\/seo\/ -->\n<title>R\u00e9f\u00e9rences - LC\u200aV Conversion<\/title>\n<meta name=\"description\" content=\"Heinz Vollrath, directeur par int\u00e9rim et consultant, a de nombreuses ann\u00e9es d&#039;exp\u00e9rience dans le secteur de l&#039;automobile et dans la gestion, ainsi que des r\u00e9f\u00e9rences impressionnantes.\" \/>\n<meta name=\"robots\" content=\"index, follow, max-snippet:-1, max-image-preview:large, max-video-preview:-1\" \/>\n<link rel=\"canonical\" href=\"https:\/\/www.lcvconversion.eu\/fr\/references\/\" \/>\n<meta property=\"og:locale\" content=\"fr_FR\" \/>\n<meta property=\"og:type\" content=\"article\" \/>\n<meta property=\"og:title\" content=\"R\u00e9f\u00e9rences - LC\u200aV Conversion\" \/>\n<meta property=\"og:description\" content=\"Heinz Vollrath, directeur par int\u00e9rim et consultant, a de nombreuses ann\u00e9es d&#039;exp\u00e9rience dans le secteur de l&#039;automobile et dans la gestion, ainsi que des r\u00e9f\u00e9rences impressionnantes.\" \/>\n<meta property=\"og:url\" content=\"https:\/\/www.lcvconversion.eu\/fr\/references\/\" \/>\n<meta property=\"og:site_name\" content=\"LC\u200aV Conversion\" \/>\n<meta property=\"article:modified_time\" content=\"2023-04-21T18:11:09+00:00\" \/>\n<meta name=\"twitter:card\" content=\"summary_large_image\" \/>\n<meta name=\"twitter:label1\" content=\"Dur\u00e9e de lecture estim\u00e9e\" \/>\n\t<meta name=\"twitter:data1\" content=\"7 minutes\" \/>\n<script type=\"application\/ld+json\" class=\"yoast-schema-graph\">{\"@context\":\"https:\/\/schema.org\",\"@graph\":[{\"@type\":\"WebPage\",\"@id\":\"https:\/\/www.lcvconversion.eu\/fr\/references\/\",\"url\":\"https:\/\/www.lcvconversion.eu\/fr\/references\/\",\"name\":\"R\u00e9f\u00e9rences - LC\u200aV Conversion\",\"isPartOf\":{\"@id\":\"https:\/\/www.lcvconversion.eu\/#website\"},\"datePublished\":\"2018-09-27T12:33:54+00:00\",\"dateModified\":\"2023-04-21T18:11:09+00:00\",\"description\":\"Heinz Vollrath, directeur par int\u00e9rim et consultant, a de nombreuses ann\u00e9es d'exp\u00e9rience dans le secteur de l'automobile et dans la gestion, ainsi que des r\u00e9f\u00e9rences impressionnantes.\",\"breadcrumb\":{\"@id\":\"https:\/\/www.lcvconversion.eu\/fr\/references\/#breadcrumb\"},\"inLanguage\":\"fr-FR\",\"potentialAction\":[{\"@type\":\"ReadAction\",\"target\":[\"https:\/\/www.lcvconversion.eu\/fr\/references\/\"]}]},{\"@type\":\"BreadcrumbList\",\"@id\":\"https:\/\/www.lcvconversion.eu\/fr\/references\/#breadcrumb\",\"itemListElement\":[{\"@type\":\"ListItem\",\"position\":1,\"name\":\"Startseite\",\"item\":\"https:\/\/www.lcvconversion.eu\/fr\/\"},{\"@type\":\"ListItem\",\"position\":2,\"name\":\"R\u00e9f\u00e9rences\"}]},{\"@type\":\"WebSite\",\"@id\":\"https:\/\/www.lcvconversion.eu\/#website\",\"url\":\"https:\/\/www.lcvconversion.eu\/\",\"name\":\"LC\u200aV Conversion\",\"description\":\"Experten f\u00fcr Flotten und Transporter\",\"potentialAction\":[{\"@type\":\"SearchAction\",\"target\":{\"@type\":\"EntryPoint\",\"urlTemplate\":\"https:\/\/www.lcvconversion.eu\/?s={search_term_string}\"},\"query-input\":\"required name=search_term_string\"}],\"inLanguage\":\"fr-FR\"}]}<\/script>\n<!-- \/ Yoast SEO plugin. -->","yoast_head_json":{"title":"R\u00e9f\u00e9rences - LC\u200aV Conversion","description":"Heinz Vollrath, directeur par int\u00e9rim et consultant, a de nombreuses ann\u00e9es d'exp\u00e9rience dans le secteur de l'automobile et dans la gestion, ainsi que des r\u00e9f\u00e9rences impressionnantes.","robots":{"index":"index","follow":"follow","max-snippet":"max-snippet:-1","max-image-preview":"max-image-preview:large","max-video-preview":"max-video-preview:-1"},"canonical":"https:\/\/www.lcvconversion.eu\/fr\/references\/","og_locale":"fr_FR","og_type":"article","og_title":"R\u00e9f\u00e9rences - LC\u200aV Conversion","og_description":"Heinz Vollrath, directeur par int\u00e9rim et consultant, a de nombreuses ann\u00e9es d'exp\u00e9rience dans le secteur de l'automobile et dans la gestion, ainsi que des r\u00e9f\u00e9rences impressionnantes.","og_url":"https:\/\/www.lcvconversion.eu\/fr\/references\/","og_site_name":"LC\u200aV Conversion","article_modified_time":"2023-04-21T18:11:09+00:00","twitter_card":"summary_large_image","twitter_misc":{"Dur\u00e9e de lecture estim\u00e9e":"7 minutes"},"schema":{"@context":"https:\/\/schema.org","@graph":[{"@type":"WebPage","@id":"https:\/\/www.lcvconversion.eu\/fr\/references\/","url":"https:\/\/www.lcvconversion.eu\/fr\/references\/","name":"R\u00e9f\u00e9rences - LC\u200aV Conversion","isPartOf":{"@id":"https:\/\/www.lcvconversion.eu\/#website"},"datePublished":"2018-09-27T12:33:54+00:00","dateModified":"2023-04-21T18:11:09+00:00","description":"Heinz Vollrath, directeur par int\u00e9rim et consultant, a de nombreuses ann\u00e9es d'exp\u00e9rience dans le secteur de l'automobile et dans la gestion, ainsi que des r\u00e9f\u00e9rences impressionnantes.","breadcrumb":{"@id":"https:\/\/www.lcvconversion.eu\/fr\/references\/#breadcrumb"},"inLanguage":"fr-FR","potentialAction":[{"@type":"ReadAction","target":["https:\/\/www.lcvconversion.eu\/fr\/references\/"]}]},{"@type":"BreadcrumbList","@id":"https:\/\/www.lcvconversion.eu\/fr\/references\/#breadcrumb","itemListElement":[{"@type":"ListItem","position":1,"name":"Startseite","item":"https:\/\/www.lcvconversion.eu\/fr\/"},{"@type":"ListItem","position":2,"name":"R\u00e9f\u00e9rences"}]},{"@type":"WebSite","@id":"https:\/\/www.lcvconversion.eu\/#website","url":"https:\/\/www.lcvconversion.eu\/","name":"LC\u200aV Conversion","description":"Experten f\u00fcr Flotten und Transporter","potentialAction":[{"@type":"SearchAction","target":{"@type":"EntryPoint","urlTemplate":"https:\/\/www.lcvconversion.eu\/?s={search_term_string}"},"query-input":"required name=search_term_string"}],"inLanguage":"fr-FR"}]}},"_links":{"self":[{"href":"https:\/\/www.lcvconversion.eu\/fr\/wp-json\/wp\/v2\/pages\/1496"}],"collection":[{"href":"https:\/\/www.lcvconversion.eu\/fr\/wp-json\/wp\/v2\/pages"}],"about":[{"href":"https:\/\/www.lcvconversion.eu\/fr\/wp-json\/wp\/v2\/types\/page"}],"author":[{"embeddable":true,"href":"https:\/\/www.lcvconversion.eu\/fr\/wp-json\/wp\/v2\/users\/4"}],"replies":[{"embeddable":true,"href":"https:\/\/www.lcvconversion.eu\/fr\/wp-json\/wp\/v2\/comments?post=1496"}],"version-history":[{"count":2,"href":"https:\/\/www.lcvconversion.eu\/fr\/wp-json\/wp\/v2\/pages\/1496\/revisions"}],"predecessor-version":[{"id":1690,"href":"https:\/\/www.lcvconversion.eu\/fr\/wp-json\/wp\/v2\/pages\/1496\/revisions\/1690"}],"wp:attachment":[{"href":"https:\/\/www.lcvconversion.eu\/fr\/wp-json\/wp\/v2\/media?parent=1496"}],"curies":[{"name":"wp","href":"https:\/\/api.w.org\/{rel}","templated":true}]}}